{"id":20,"date":"2023-05-04T11:58:14","date_gmt":"2023-05-04T08:58:14","guid":{"rendered":"http:\/\/pedro-v2.local\/?page_id=20"},"modified":"2024-12-04T17:05:50","modified_gmt":"2024-12-04T14:05:50","slug":"our-team","status":"publish","type":"page","link":"https:\/\/pedro.ericll.org\/pl\/our-team\/","title":{"rendered":"Nasz zesp\u00f3\u0142"},"content":{"rendered":"<div data-elementor-type=\"wp-page\" data-elementor-id=\"20\" class=\"elementor elementor-20\" data-elementor-post-type=\"page\">\n\t\t\t\t<div class=\"elementor-element elementor-element-40fd115 e-con-full e-flex e-con e-parent\" data-id=\"40fd115\" data-element_type=\"container\" data-e-type=\"container\">\n\t\t<div class=\"elementor-element elementor-element-e8ea175 e-con-full e-flex e-con e-child\" data-id=\"e8ea175\" data-element_type=\"container\" data-e-type=\"container\">\n\t\t\t\t<div class=\"elementor-element elementor-element-89d5d9e elementor-widget elementor-widget-heading\" data-id=\"89d5d9e\" data-element_type=\"widget\" data-e-type=\"widget\" data-widget_type=\"heading.default\">\n\t\t\t\t<div class=\"elementor-widget-container\">\n\t\t\t\t\t<h1 class=\"elementor-heading-title elementor-size-default\">Nasz zesp\u00f3\u0142<\/h1>\t\t\t\t<\/div>\n\t\t\t\t<\/div>\n\t\t\t\t<div class=\"elementor-element elementor-element-8e78024 elementor-widget-divider--view-line elementor-widget elementor-widget-divider\" data-id=\"8e78024\" data-element_type=\"widget\" data-e-type=\"widget\" data-widget_type=\"divider.default\">\n\t\t\t\t<div class=\"elementor-widget-container\">\n\t\t\t\t\t\t\t<div class=\"elementor-divider\">\n\t\t\t<span class=\"elementor-divider-separator\">\n\t\t\t\t\t\t<\/span>\n\t\t<\/div>\n\t\t\t\t\t\t<\/div>\n\t\t\t\t<\/div>\n\t\t\t\t<\/div>\n\t\t<div class=\"elementor-element elementor-element-25778c4 e-con-full e-flex e-con e-child\" data-id=\"25778c4\" data-element_type=\"container\" data-e-type=\"container\">\n\t\t<div class=\"elementor-element elementor-element-f6628ad e-con-full e-flex e-con e-child\" data-id=\"f6628ad\" data-element_type=\"container\" data-e-type=\"container\">\n\t\t\t\t<div class=\"elementor-element elementor-element-00f8546 elementor-widget__width-initial elementor-widget-mobile__width-initial elementor-widget elementor-widget-image\" data-id=\"00f8546\" data-element_type=\"widget\" data-e-type=\"widget\" data-widget_type=\"image.default\">\n\t\t\t\t<div class=\"elementor-widget-container\">\n\t\t\t\t\t\t\t\t\t\t\t\t\t\t\t<img fetchpriority=\"high\" decoding=\"async\" width=\"2400\" height=\"2222\" src=\"https:\/\/pedro.ericll.org\/wp-content\/uploads\/2024\/06\/paolo_ghia.webp\" class=\"attachment-full size-full wp-image-2683\" alt=\"\" srcset=\"https:\/\/pedro.ericll.org\/wp-content\/uploads\/2024\/06\/paolo_ghia.webp 2400w, https:\/\/pedro.ericll.org\/wp-content\/uploads\/2024\/06\/paolo_ghia-300x278.webp 300w, https:\/\/pedro.ericll.org\/wp-content\/uploads\/2024\/06\/paolo_ghia-1024x948.webp 1024w, https:\/\/pedro.ericll.org\/wp-content\/uploads\/2024\/06\/paolo_ghia-768x711.webp 768w, https:\/\/pedro.ericll.org\/wp-content\/uploads\/2024\/06\/paolo_ghia-1536x1422.webp 1536w, https:\/\/pedro.ericll.org\/wp-content\/uploads\/2024\/06\/paolo_ghia-2048x1896.webp 2048w\" sizes=\"(max-width: 2400px) 100vw, 2400px\" \/>\t\t\t\t\t\t\t\t\t\t\t\t\t\t\t<\/div>\n\t\t\t\t<\/div>\n\t\t<div class=\"elementor-element elementor-element-b3e41aa e-con-full e-flex e-con e-child\" data-id=\"b3e41aa\" data-element_type=\"container\" data-e-type=\"container\">\n\t\t\t\t<div class=\"elementor-element elementor-element-d3218fd elementor-widget elementor-widget-heading\" data-id=\"d3218fd\" data-element_type=\"widget\" data-e-type=\"widget\" data-widget_type=\"heading.default\">\n\t\t\t\t<div class=\"elementor-widget-container\">\n\t\t\t\t\t<h2 class=\"elementor-heading-title elementor-size-default\">Prof. Paolo Ghia<\/h2>\t\t\t\t<\/div>\n\t\t\t\t<\/div>\n\t\t\t\t<div class=\"elementor-element elementor-element-f56150b elementor-widget elementor-widget-heading\" data-id=\"f56150b\" data-element_type=\"widget\" data-e-type=\"widget\" data-widget_type=\"heading.default\">\n\t\t\t\t<div class=\"elementor-widget-container\">\n\t\t\t\t\t<h4 class=\"elementor-heading-title elementor-size-default\">Cz\u0142onek Zarz\u0105du<\/h4>\t\t\t\t<\/div>\n\t\t\t\t<\/div>\n\t\t\t\t<div class=\"elementor-element elementor-element-4caf8e2 elementor-widget-divider--view-line elementor-widget elementor-widget-divider\" data-id=\"4caf8e2\" data-element_type=\"widget\" data-e-type=\"widget\" data-widget_type=\"divider.default\">\n\t\t\t\t<div class=\"elementor-widget-container\">\n\t\t\t\t\t\t\t<div class=\"elementor-divider\">\n\t\t\t<span class=\"elementor-divider-separator\">\n\t\t\t\t\t\t<\/span>\n\t\t<\/div>\n\t\t\t\t\t\t<\/div>\n\t\t\t\t<\/div>\n\t\t\t\t<div class=\"elementor-element elementor-element-d616ae0 elementor-widget elementor-widget-text-editor\" data-id=\"d616ae0\" data-element_type=\"widget\" data-e-type=\"widget\" data-widget_type=\"text-editor.default\">\n\t\t\t\t<div class=\"elementor-widget-container\">\n\t\t\t\t\t\t\t\t\tPaolo Gia otrzyma\u0142 stopie\u0144 doktora medycyny na uniwersytecie w Turynie, a nast\u0119pnie szkolenie z chor\u00f3b wewn\u0119trznych. Uzyska\u0142 stopie\u0144 doktora, pracuje w \u0411\u0430\u0437\u0435\u043b\u044c\u0441\u043a\u043e\u043c instytucie immunologii, Bazylea, Szwajcaria, badaj\u0105c rozw\u00f3j normalnych limfocyt\u00f3w cz\u0142owieka. Przeszed\u0142 do Instytutu raka Dana Farbera Harvard medical school w Bostonie, gdzie studiowa\u0142 molekularne mechanizmy patogenezy przewlek\u0142ych zaburze\u0144 limfoproliferacyjnych, w szczeg\u00f3lno\u015bci ch\u0142oniaka. Obecnie jest profesorem onkologii medycznej na Uniwersytecie Vita-Salute San Raffaele i zast\u0119pc\u0105 przewodnicz\u0105cego oddzia\u0142u do\u015bwiadczalnej onkologii w IRCCS Ospedale San Raffaele w Mediolanie, gdzie on jest kierownikiem laboratorium kom\u00f3rek neoplazji i dyrektorem programu bada\u0144 strategicznych CLL.\n<br>\nJego zainteresowaniem badawczym jest badanie molekularnych i kom\u00f3rkowych mechanizm\u00f3w dzia\u0142aj\u0105cych w historii naturalnej przewlek\u0142ej bia\u0142aczki limfatycznej (CLL), w tym \u043c\u043e\u043d\u043e\u043a\u043b\u043e\u043d\u0430\u043b\u044c\u043d\u044b\u0439 W-kom\u00f3rkowy limfocytoza (\u041c\u0411\u041b), z og\u00f3lnym celem transferu wiedzy zdobytej w definicji bardziej wiarygodnych marker\u00f3w prognostycznych i bardziej \u0442\u0430\u0440\u0433\u0435\u0442\u043d\u044b\u0445 metod leczenia. Na ten temat opublikowa\u0142 ponad 260 r\u0119kopis\u00f3w w recenzowanych czasopismach. On jest prezydentem Europejskiej inicjatywy badawczej w CLL (ERIC), wsp\u00f3\u0142pracuj\u0105cej z wytycznymi w zakresie identyfikacji minimalnej choroby resztkowej (MRD), analizy mutational statusu gen\u00f3w immunoglobulin (IGHV) i aberracji genu TP53.\n<br>\nJest on r\u00f3wnie\u017c cz\u0142onkiem Klinicznej komitetu doradczego WHO lymphocytic i \u0433\u0438\u0441\u0442\u0438\u043e\u0446\u0438\u0442\u0430\u0440\u043d\u044b\u043c nowotwor\u00f3w z\u0142o\u015bliwych w temacie &#034;Chroniczna lymphocytic bia\u0142aczka, MBL i PLL&#034; i zast\u0119pc\u0105 redaktora w CLL w Haematologica, dzienniku urz\u0119dowym Europejskiej hematologiczne association (EHA).\t\t\t\t\t\t\t\t<\/div>\n\t\t\t\t<\/div>\n\t\t\t\t<\/div>\n\t\t\t\t<\/div>\n\t\t<div class=\"elementor-element elementor-element-6d29f84 e-con-full e-flex e-con e-child\" data-id=\"6d29f84\" data-element_type=\"container\" data-e-type=\"container\">\n\t\t<div class=\"elementor-element elementor-element-eb6e371 e-con-full e-flex e-con e-child\" data-id=\"eb6e371\" data-element_type=\"container\" data-e-type=\"container\">\n\t\t\t\t<div class=\"elementor-element elementor-element-98327af elementor-widget elementor-widget-heading\" data-id=\"98327af\" data-element_type=\"widget\" data-e-type=\"widget\" data-widget_type=\"heading.default\">\n\t\t\t\t<div class=\"elementor-widget-container\">\n\t\t\t\t\t<h2 class=\"elementor-heading-title elementor-size-default\">Prof. Kostas Stamatopoulos<\/h2>\t\t\t\t<\/div>\n\t\t\t\t<\/div>\n\t\t\t\t<div class=\"elementor-element elementor-element-78c2221 elementor-widget elementor-widget-heading\" data-id=\"78c2221\" data-element_type=\"widget\" data-e-type=\"widget\" data-widget_type=\"heading.default\">\n\t\t\t\t<div class=\"elementor-widget-container\">\n\t\t\t\t\t<h4 class=\"elementor-heading-title elementor-size-default\">Cz\u0142onek Zarz\u0105du<\/h4>\t\t\t\t<\/div>\n\t\t\t\t<\/div>\n\t\t\t\t<div class=\"elementor-element elementor-element-2f4ab99 elementor-widget-divider--view-line elementor-widget elementor-widget-divider\" data-id=\"2f4ab99\" data-element_type=\"widget\" data-e-type=\"widget\" data-widget_type=\"divider.default\">\n\t\t\t\t<div class=\"elementor-widget-container\">\n\t\t\t\t\t\t\t<div class=\"elementor-divider\">\n\t\t\t<span class=\"elementor-divider-separator\">\n\t\t\t\t\t\t<\/span>\n\t\t<\/div>\n\t\t\t\t\t\t<\/div>\n\t\t\t\t<\/div>\n\t\t\t\t<div class=\"elementor-element elementor-element-a268b1e elementor-widget elementor-widget-text-editor\" data-id=\"a268b1e\" data-element_type=\"widget\" data-e-type=\"widget\" data-widget_type=\"text-editor.default\">\n\t\t\t\t<div class=\"elementor-widget-container\">\n\t\t\t\t\t\t\t\t\tKostas \u0421\u0442\u0430\u043c\u0430\u0442\u043e\u043f\u0443\u043b\u043e\u0441, doktor nauk medycznych, jest specjalist\u0105 w dziedzinie hematologii, dyrektorem Instytutu stosowanych nauk biologicznych przy KERTH, Centrum bada\u0144 i technologii Hellady, Saloniki, Grecja. On r\u00f3wnie\u017c zajmuje stanowiska zaproszonego profesora w instytucie Karolinska, Sztokholm, Szwecja; i pracownika naukowego oddzia\u0142u hematologii i oddzia\u0142u HCT szpitale R. badanie Cytologiczne, Saloniki, Grecja.\n<br>\nDr \u0421\u0442\u0430\u043c\u0430\u0442\u043e\u043f\u0443\u043b\u043e\u0441 jest koordynatorem Greckiej sieci precyzyjnej medycyny w onkologii; cz\u0142onkiem zarz\u0105du ERIC, Europejskiej inicjatywy badawczej na chroniczny \u043b\u0438\u043c\u0444\u043e\u0446\u0438\u0442\u0430\u0440\u043d\u043e\u043c\u0443 \u043b\u0435\u0439\u043a\u043e\u0437\u0443, gdzie on jest odpowiedzialny za rozszerzenie praw i mo\u017cliwo\u015bci pacjent\u00f3w; Cz\u0142onkiem komitetu steruj\u0105cego Naukowej grupy roboczej ds. precyzyjnej hematologii Europejskiej hematologiczne stowarzyszenia; cz\u0142onkiem-za\u0142o\u017cycielem inicjatywy IMGT CLL-DB i IgCLL group, kt\u00f3re dzia\u0142aj\u0105 pod patronatem ERIC; Cz\u0142onkiem zarz\u0105du Grupy lymphoma \u015bledziony; cz\u0142onkiem Kierowniczej grupy konsorcjum Euroclonality-NGS.\n<br>\nDr \u0421\u0442\u0430\u043c\u0430\u0442\u043e\u043f\u0443\u043b\u043e\u0441 jest cz\u0142onkiem Greckiego towarzystwa hematolog\u00f3w, Europejskiej hematologiczne skojarzenia, Ameryka\u0144skiego towarzystwa hematolog\u00f3w i innych organizacji i pracowa\u0142 w r\u00f3\u017cnych komisjach tych organizacji.\n<br>\nJego zainteresowania naukowe obejmuj\u0105: precyzyjne medycyn\u0119 w raku; \u0438\u043c\u043c\u0443\u043d\u043e\u0431\u0438\u043e\u043b\u043e\u0433\u0438\u044e limfoidalnych nowotwor\u00f3w z\u0142o\u015bliwych; i rozszerzenie mo\u017cliwo\u015bci pacjent\u00f3w w opiece.\t\t\t\t\t\t\t\t<\/div>\n\t\t\t\t<\/div>\n\t\t\t\t<\/div>\n\t\t\t\t<div class=\"elementor-element elementor-element-0962dea elementor-widget__width-initial elementor-widget-tablet__width-initial elementor-widget elementor-widget-image\" data-id=\"0962dea\" data-element_type=\"widget\" data-e-type=\"widget\" data-widget_type=\"image.default\">\n\t\t\t\t<div class=\"elementor-widget-container\">\n\t\t\t\t\t\t\t\t\t\t\t\t\t\t\t<img decoding=\"async\" width=\"416\" height=\"417\" src=\"https:\/\/pedro.ericll.org\/wp-content\/uploads\/2024\/06\/kostas-stamatopoulos.webp\" class=\"attachment-full size-full wp-image-2691\" alt=\"\" srcset=\"https:\/\/pedro.ericll.org\/wp-content\/uploads\/2024\/06\/kostas-stamatopoulos.webp 416w, https:\/\/pedro.ericll.org\/wp-content\/uploads\/2024\/06\/kostas-stamatopoulos-300x300.webp 300w, https:\/\/pedro.ericll.org\/wp-content\/uploads\/2024\/06\/kostas-stamatopoulos-150x150.webp 150w\" sizes=\"(max-width: 416px) 100vw, 416px\" \/>\t\t\t\t\t\t\t\t\t\t\t\t\t\t\t<\/div>\n\t\t\t\t<\/div>\n\t\t\t\t<\/div>\n\t\t<div class=\"elementor-element elementor-element-2216120 e-con-full e-flex e-con e-child\" data-id=\"2216120\" data-element_type=\"container\" data-e-type=\"container\">\n\t\t\t\t<div class=\"elementor-element elementor-element-64e6dfe elementor-widget__width-initial elementor-widget-mobile__width-initial elementor-widget elementor-widget-image\" data-id=\"64e6dfe\" data-element_type=\"widget\" data-e-type=\"widget\" data-widget_type=\"image.default\">\n\t\t\t\t<div class=\"elementor-widget-container\">\n\t\t\t\t\t\t\t\t\t\t\t\t\t\t\t<img decoding=\"async\" width=\"842\" height=\"907\" src=\"https:\/\/pedro.ericll.org\/wp-content\/uploads\/2024\/06\/A_kater.webp\" class=\"attachment-full size-full wp-image-2667\" alt=\"\" srcset=\"https:\/\/pedro.ericll.org\/wp-content\/uploads\/2024\/06\/A_kater.webp 842w, https:\/\/pedro.ericll.org\/wp-content\/uploads\/2024\/06\/A_kater-279x300.webp 279w, https:\/\/pedro.ericll.org\/wp-content\/uploads\/2024\/06\/A_kater-768x827.webp 768w\" sizes=\"(max-width: 842px) 100vw, 842px\" \/>\t\t\t\t\t\t\t\t\t\t\t\t\t\t\t<\/div>\n\t\t\t\t<\/div>\n\t\t<div class=\"elementor-element elementor-element-d164a32 e-con-full e-flex e-con e-child\" data-id=\"d164a32\" data-element_type=\"container\" data-e-type=\"container\">\n\t\t\t\t<div class=\"elementor-element elementor-element-67aa27a elementor-widget elementor-widget-heading\" data-id=\"67aa27a\" data-element_type=\"widget\" data-e-type=\"widget\" data-widget_type=\"heading.default\">\n\t\t\t\t<div class=\"elementor-widget-container\">\n\t\t\t\t\t<h2 class=\"elementor-heading-title elementor-size-default\">Prof. Arnon Kater<\/h2>\t\t\t\t<\/div>\n\t\t\t\t<\/div>\n\t\t\t\t<div class=\"elementor-element elementor-element-914d6a4 elementor-widget elementor-widget-heading\" data-id=\"914d6a4\" data-element_type=\"widget\" data-e-type=\"widget\" data-widget_type=\"heading.default\">\n\t\t\t\t<div class=\"elementor-widget-container\">\n\t\t\t\t\t<h4 class=\"elementor-heading-title elementor-size-default\">Cz\u0142onek Grupy Wsparcia<\/h4>\t\t\t\t<\/div>\n\t\t\t\t<\/div>\n\t\t\t\t<div class=\"elementor-element elementor-element-8af1c0f elementor-widget-divider--view-line elementor-widget elementor-widget-divider\" data-id=\"8af1c0f\" data-element_type=\"widget\" data-e-type=\"widget\" data-widget_type=\"divider.default\">\n\t\t\t\t<div class=\"elementor-widget-container\">\n\t\t\t\t\t\t\t<div class=\"elementor-divider\">\n\t\t\t<span class=\"elementor-divider-separator\">\n\t\t\t\t\t\t<\/span>\n\t\t<\/div>\n\t\t\t\t\t\t<\/div>\n\t\t\t\t<\/div>\n\t\t\t\t<div class=\"elementor-element elementor-element-36528e5 elementor-widget elementor-widget-text-editor\" data-id=\"36528e5\" data-element_type=\"widget\" data-e-type=\"widget\" data-widget_type=\"text-editor.default\">\n\t\t\t\t<div class=\"elementor-widget-container\">\n\t\t\t\t\t\t\t\t\tProfesor Doktor Arnon \u0141odzi jest profesorem translational hematologia na wydziale medycznym na uniwersytecie Amsterdamskim (AMC-UvA). Jego fundamentalne, \u0442\u0440\u0430\u043d\u0441\u043b\u044f\u0446\u0438\u043e\u043d\u043d\u044b\u0435 i badania kliniczne jako onkologa klinicznego koncentruje si\u0119 na raka uk\u0142adu ch\u0142onnego (lymphoma), w szczeg\u00f3lno\u015bci przewlek\u0142e limfoleikoze (CLL). Jest on jednym z za\u0142o\u017cycieli Amsterdamskim centrum ch\u0142oniaka i szpiczaka mnogiego (LYMMCARE), specjalistycznego centrum wiedzy, w kt\u00f3rym od 2012 roku po\u0142\u0105czy\u0142y si\u0119 oddzia\u0142u klinicznego hematologii, immunologii do\u015bwiadczalnej i patologii AMC-UvA. W centrum Medycznym na uniwersytecie Amsterdamskim on jest zast\u0119pc\u0105 kierownika katedry hematologii, dziekanem specjalny program hematologii i przewodnicz\u0105cym Komitetu dobrych bada\u0144 klinicznych. Ponadto, kieruje holenderskiej grupy roboczej w CLL w \u0413\u0435\u043c\u0430\u0442\u043e-badania nad rakiem fundusz dla doros\u0142ych w Holandii (HOVON) i jest cz\u0142onkiem redakcji czasopism Blood i Haematologica. Profesor \u0141odzi wsp\u00f3\u0142pracuje z r\u00f3\u017cnymi firmami farmaceutycznymi. Bierze udzia\u0142 w projektach prowadz\u0105cych do nowych metod leczenia.\n<br>\nProfesor. \u041a\u0435\u0439\u0442\u0435\u0440 otrzyma\u0142 wykszta\u0142cenie lekarza (onkologa) w AMC-UvA. W 2006 roku uzyska\u0142 stopie\u0144 doktora na badania regulacji kom\u00f3rkowej \u015bmierci w kom\u00f3rkach CLL. Profesor. \u041a\u044d\u0442\u0435\u0440 jest pracownikiem oddzia\u0142u chor\u00f3b wewn\u0119trznych AMC-UvA z 2007 roku i g\u0142\u00f3wnym pracownikiem naukowym w dziedzinie hematologii klinicznej z 2012 roku. Od 2008 do 2009 roku pracowa\u0142 tak\u017ce \u043f\u043e\u0441\u0442\u0434\u043e\u043a\u043e\u043c w badania nad rakiem centrum Moore &#039; a i Laboratorium regulacji gen\u00f3w i transmisji sygna\u0142\u00f3w university of California (San Diego, USA). Jest wsp\u00f3\u0142autorem ponad 100 zapis\u00f3w, kt\u00f3re \u0142\u0105cznie \u0446\u0438\u0442\u0438\u0440\u043e\u0432\u0430\u043b\u0438\u0441\u044c ponad 4000 razy.\t\t\t\t\t\t\t\t<\/div>\n\t\t\t\t<\/div>\n\t\t\t\t<\/div>\n\t\t\t\t<\/div>\n\t\t<div class=\"elementor-element elementor-element-70b4e83 e-con-full e-flex e-con e-child\" data-id=\"70b4e83\" data-element_type=\"container\" data-e-type=\"container\">\n\t\t<div class=\"elementor-element elementor-element-5c7be2b e-con-full e-flex e-con e-child\" data-id=\"5c7be2b\" data-element_type=\"container\" data-e-type=\"container\">\n\t\t\t\t<div class=\"elementor-element elementor-element-1ff94e6 elementor-widget elementor-widget-heading\" data-id=\"1ff94e6\" data-element_type=\"widget\" data-e-type=\"widget\" data-widget_type=\"heading.default\">\n\t\t\t\t<div class=\"elementor-widget-container\">\n\t\t\t\t\t<h2 class=\"elementor-heading-title elementor-size-default\">Prof. Yair Herishanu<\/h2>\t\t\t\t<\/div>\n\t\t\t\t<\/div>\n\t\t\t\t<div class=\"elementor-element elementor-element-7a06787 elementor-widget elementor-widget-heading\" data-id=\"7a06787\" data-element_type=\"widget\" data-e-type=\"widget\" data-widget_type=\"heading.default\">\n\t\t\t\t<div class=\"elementor-widget-container\">\n\t\t\t\t\t<h4 class=\"elementor-heading-title elementor-size-default\">Cz\u0142onek Grupy Wsparcia<\/h4>\t\t\t\t<\/div>\n\t\t\t\t<\/div>\n\t\t\t\t<div class=\"elementor-element elementor-element-ea96d11 elementor-widget-divider--view-line elementor-widget elementor-widget-divider\" data-id=\"ea96d11\" data-element_type=\"widget\" data-e-type=\"widget\" data-widget_type=\"divider.default\">\n\t\t\t\t<div class=\"elementor-widget-container\">\n\t\t\t\t\t\t\t<div class=\"elementor-divider\">\n\t\t\t<span class=\"elementor-divider-separator\">\n\t\t\t\t\t\t<\/span>\n\t\t<\/div>\n\t\t\t\t\t\t<\/div>\n\t\t\t\t<\/div>\n\t\t\t\t<div class=\"elementor-element elementor-element-ab1d9c7 elementor-widget elementor-widget-text-editor\" data-id=\"ab1d9c7\" data-element_type=\"widget\" data-e-type=\"widget\" data-widget_type=\"text-editor.default\">\n\t\t\t\t<div class=\"elementor-widget-container\">\n\t\t\t\t\t\t\t\t\tDr Jair \u0425\u0435\u0440\u0438\u0448\u0430\u043d\u0443 - jeden z uznanych i wysoko wykwalifikowanych hematolog\u00f3w Izraela. Obecnie pracuje w centrum Medycznym Ichilov w Izraelu i ma 25-letnie do\u015bwiadczenie. Dr Jair otrzyma\u0142 r\u00f3\u017cne wyj\u0105tkowe nagrody za swoje osi\u0105gni\u0119cia i pozostaje wiod\u0105cym cz\u0142onkiem wielu renomowanych firm. 33 jego badania zosta\u0142y opublikowane w renomowanych czasopismach, i on r\u00f3wnie\u017c jest autorem 1 ksi\u0105\u017cki. Jego specjalno\u015bci\u0105 jest w leczeniu przewlek\u0142ej bia\u0142aczki limfatycznej.\n<br>\nDr Jair \u0425\u0435\u0440\u0438\u0448\u0430\u043d\u0443 licencjat z medycyny na Uniwersytecie Ben-Guriona. Nast\u0119pnie uko\u0144czy\u0142 szkolenie z chor\u00f3b wewn\u0119trznych w centrum Medycznym Rabi i centrum Medycznym Meir. Nast\u0119pnie uko\u0144czy\u0142 specjalizacj\u0119 z hematologii w Tel-\u0410\u0432\u0438\u0432\u0441\u043a\u043e\u043c centrum medycznym. Dr Jair obecnie pracuje w centrum Medycznym Ichilov, \u0421\u0443\u0440\u0430\u0441\u043a\u0438.\t\t\t\t\t\t\t\t<\/div>\n\t\t\t\t<\/div>\n\t\t\t\t<\/div>\n\t\t\t\t<div class=\"elementor-element elementor-element-d3e8572 elementor-widget__width-initial elementor-widget-tablet__width-initial elementor-widget elementor-widget-image\" data-id=\"d3e8572\" data-element_type=\"widget\" data-e-type=\"widget\" data-widget_type=\"image.default\">\n\t\t\t\t<div class=\"elementor-widget-container\">\n\t\t\t\t\t\t\t\t\t\t\t\t\t\t\t<img loading=\"lazy\" decoding=\"async\" width=\"512\" height=\"512\" src=\"https:\/\/pedro.ericll.org\/wp-content\/uploads\/2024\/06\/Yair-Herishanu.jpg\" class=\"attachment-full size-full wp-image-2669\" alt=\"\" srcset=\"https:\/\/pedro.ericll.org\/wp-content\/uploads\/2024\/06\/Yair-Herishanu.jpg 512w, https:\/\/pedro.ericll.org\/wp-content\/uploads\/2024\/06\/Yair-Herishanu-300x300.jpg 300w, https:\/\/pedro.ericll.org\/wp-content\/uploads\/2024\/06\/Yair-Herishanu-150x150.jpg 150w\" sizes=\"(max-width: 512px) 100vw, 512px\" \/>\t\t\t\t\t\t\t\t\t\t\t\t\t\t\t<\/div>\n\t\t\t\t<\/div>\n\t\t\t\t<\/div>\n\t\t<div class=\"elementor-element elementor-element-ea2f628 e-con-full e-flex e-con e-child\" data-id=\"ea2f628\" data-element_type=\"container\" data-e-type=\"container\">\n\t\t\t\t<div class=\"elementor-element elementor-element-c762c64 elementor-widget__width-initial elementor-widget-tablet__width-initial elementor-widget elementor-widget-image\" data-id=\"c762c64\" data-element_type=\"widget\" data-e-type=\"widget\" data-widget_type=\"image.default\">\n\t\t\t\t<div class=\"elementor-widget-container\">\n\t\t\t\t\t\t\t\t\t\t\t\t\t\t\t<img loading=\"lazy\" decoding=\"async\" width=\"1020\" height=\"1020\" src=\"https:\/\/pedro.ericll.org\/wp-content\/uploads\/2024\/06\/Chatzikonstantinou-Thomas.webp\" class=\"attachment-full size-full wp-image-2674\" alt=\"\" srcset=\"https:\/\/pedro.ericll.org\/wp-content\/uploads\/2024\/06\/Chatzikonstantinou-Thomas.webp 1020w, https:\/\/pedro.ericll.org\/wp-content\/uploads\/2024\/06\/Chatzikonstantinou-Thomas-300x300.webp 300w, https:\/\/pedro.ericll.org\/wp-content\/uploads\/2024\/06\/Chatzikonstantinou-Thomas-150x150.webp 150w, https:\/\/pedro.ericll.org\/wp-content\/uploads\/2024\/06\/Chatzikonstantinou-Thomas-768x768.webp 768w\" sizes=\"(max-width: 1020px) 100vw, 1020px\" \/>\t\t\t\t\t\t\t\t\t\t\t\t\t\t\t<\/div>\n\t\t\t\t<\/div>\n\t\t<div class=\"elementor-element elementor-element-9dc0f09 e-con-full e-flex e-con e-child\" data-id=\"9dc0f09\" data-element_type=\"container\" data-e-type=\"container\">\n\t\t\t\t<div class=\"elementor-element elementor-element-dc83a07 elementor-widget elementor-widget-heading\" data-id=\"dc83a07\" data-element_type=\"widget\" data-e-type=\"widget\" data-widget_type=\"heading.default\">\n\t\t\t\t<div class=\"elementor-widget-container\">\n\t\t\t\t\t<h2 class=\"elementor-heading-title elementor-size-default\">Dr. Thomas Chatzikonstantinou<\/h2>\t\t\t\t<\/div>\n\t\t\t\t<\/div>\n\t\t\t\t<div class=\"elementor-element elementor-element-5465042 elementor-widget elementor-widget-heading\" data-id=\"5465042\" data-element_type=\"widget\" data-e-type=\"widget\" data-widget_type=\"heading.default\">\n\t\t\t\t<div class=\"elementor-widget-container\">\n\t\t\t\t\t<h4 class=\"elementor-heading-title elementor-size-default\">Cz\u0142onek Grupy Wsparcia<\/h4>\t\t\t\t<\/div>\n\t\t\t\t<\/div>\n\t\t\t\t<div class=\"elementor-element elementor-element-4597039 elementor-widget-divider--view-line elementor-widget elementor-widget-divider\" data-id=\"4597039\" data-element_type=\"widget\" data-e-type=\"widget\" data-widget_type=\"divider.default\">\n\t\t\t\t<div class=\"elementor-widget-container\">\n\t\t\t\t\t\t\t<div class=\"elementor-divider\">\n\t\t\t<span class=\"elementor-divider-separator\">\n\t\t\t\t\t\t<\/span>\n\t\t<\/div>\n\t\t\t\t\t\t<\/div>\n\t\t\t\t<\/div>\n\t\t\t\t<div class=\"elementor-element elementor-element-637f2ee elementor-widget elementor-widget-text-editor\" data-id=\"637f2ee\" data-element_type=\"widget\" data-e-type=\"widget\" data-widget_type=\"text-editor.default\">\n\t\t\t\t<div class=\"elementor-widget-container\">\n\t\t\t\t\t\t\t\t\tThomas dzia\u0142a w KERTH, Centrum bada\u0144 i technologii Hellady, w Salonikach, koordynuj\u0105cy centrum narodowego partnera w Grecji.\n<br>\nThomas - doktor medycyny i ma tytu\u0142 magistra farmakologii klinicznej w \u0424\u0440\u0430\u043a\u0438\u0439\u0441\u043a\u043e\u043c uniwersytetu Demokryta, wydzia\u0142 lekarski Szko\u0142y nauk o zdrowiu, Aleksandropolis, a obecnie jest doktorem filozofii. kandydat pracuje nad klinicznym badaniem na rzeczywistych danych.\n<br>\nPracowa\u0142 jako lekarz-\u0433\u0435\u043c\u0430\u0442\u043e\u043b\u043e\u0433\u043e\u043c, a jego najnowsza pozycja - kliniczny oficer \u015bledczy i dyrektor rzeczywistych bada\u0144 w KERTH.\t\t\t\t\t\t\t\t<\/div>\n\t\t\t\t<\/div>\n\t\t\t\t<\/div>\n\t\t\t\t<\/div>\n\t\t<div class=\"elementor-element elementor-element-527e906 e-con-full e-flex e-con e-child\" data-id=\"527e906\" data-element_type=\"container\" data-e-type=\"container\">\n\t\t<div class=\"elementor-element elementor-element-b943f14 e-con-full e-flex e-con e-child\" data-id=\"b943f14\" data-element_type=\"container\" data-e-type=\"container\">\n\t\t\t\t<div class=\"elementor-element elementor-element-9a4430e elementor-widget elementor-widget-heading\" data-id=\"9a4430e\" data-element_type=\"widget\" data-e-type=\"widget\" data-widget_type=\"heading.default\">\n\t\t\t\t<div class=\"elementor-widget-container\">\n\t\t\t\t\t<h2 class=\"elementor-heading-title elementor-size-default\">Dr. Scarf\u00f2 Lydia<\/h2>\t\t\t\t<\/div>\n\t\t\t\t<\/div>\n\t\t\t\t<div class=\"elementor-element elementor-element-187d227 elementor-widget elementor-widget-heading\" data-id=\"187d227\" data-element_type=\"widget\" data-e-type=\"widget\" data-widget_type=\"heading.default\">\n\t\t\t\t<div class=\"elementor-widget-container\">\n\t\t\t\t\t<h4 class=\"elementor-heading-title elementor-size-default\">Cz\u0142onek Grupy Wsparcia<\/h4>\t\t\t\t<\/div>\n\t\t\t\t<\/div>\n\t\t\t\t<div class=\"elementor-element elementor-element-b7cd026 elementor-widget-divider--view-line elementor-widget elementor-widget-divider\" data-id=\"b7cd026\" data-element_type=\"widget\" data-e-type=\"widget\" data-widget_type=\"divider.default\">\n\t\t\t\t<div class=\"elementor-widget-container\">\n\t\t\t\t\t\t\t<div class=\"elementor-divider\">\n\t\t\t<span class=\"elementor-divider-separator\">\n\t\t\t\t\t\t<\/span>\n\t\t<\/div>\n\t\t\t\t\t\t<\/div>\n\t\t\t\t<\/div>\n\t\t\t\t<div class=\"elementor-element elementor-element-a92d4e0 elementor-widget elementor-widget-text-editor\" data-id=\"a92d4e0\" data-element_type=\"widget\" data-e-type=\"widget\" data-widget_type=\"text-editor.default\">\n\t\t\t\t<div class=\"elementor-widget-container\">\n\t\t\t\t\t\t\t\t\tLidia \u0421\u043a\u0430\u0440\u0444\u043e, doktor nauk medycznych, jest pracownikiem naukowym Wydzia\u0142u kom\u00f3rek neoplazji i docentem Uniwersytetu Vita-Salute San Raffaele w Mediolanie, W\u0142ochy.\n<br>\nDr \u0421\u043a\u0430\u0440\u0444\u043e otrzyma\u0142a dyplom w dziedzinie medycyny i chirurgii na Uniwersytecie w Ferrarze, Ferrara, W\u0142ochy, w 2006 roku. W 2012 roku wyspecjalizowa\u0142a si\u0119 w hematologii, a p\u00f3\u017aniej, w 2017 roku, otrzyma\u0142a dodatkow\u0105 specjalizacj\u0119 z chor\u00f3b wewn\u0119trznych. W 2012 roku przenios\u0142a si\u0119 w Naukowy instytut San Raffaele, w kt\u00f3rym obecnie uczestniczy w przedklinicznych i klinicznych.\n<br>\nDr \u0421\u043a\u0430\u0440\u0444\u043e obecnie obserwuje ponad 20 badaniami klinicznymi zwi\u0105zanymi z przewlek\u0142\u0105 bia\u0142aczk\u0105 limfatyczn\u0105 (CLL), jako \u0441\u043e\u0438\u0441\u0441\u043b\u0435\u0434\u043e\u0432\u0430\u0442\u0435\u043b\u044f i jest g\u0142\u00f3wnym oficerem \u015bledczym III fazy badania dotycz\u0105ce leczenia ch\u0142oniaka pierwszej linii.\t\t\t\t\t\t\t\t<\/div>\n\t\t\t\t<\/div>\n\t\t\t\t<\/div>\n\t\t\t\t<div class=\"elementor-element elementor-element-f7374dd elementor-widget__width-initial elementor-widget-tablet__width-initial elementor-widget elementor-widget-image\" data-id=\"f7374dd\" data-element_type=\"widget\" data-e-type=\"widget\" data-widget_type=\"image.default\">\n\t\t\t\t<div class=\"elementor-widget-container\">\n\t\t\t\t\t\t\t\t\t\t\t\t\t\t\t<img loading=\"lazy\" decoding=\"async\" width=\"576\" height=\"576\" src=\"https:\/\/pedro.ericll.org\/wp-content\/uploads\/2024\/06\/Lydia_Scarfo\u0300.jpeg\" class=\"attachment-full size-full wp-image-2681\" alt=\"\" srcset=\"https:\/\/pedro.ericll.org\/wp-content\/uploads\/2024\/06\/Lydia_Scarfo\u0300.jpeg 576w, https:\/\/pedro.ericll.org\/wp-content\/uploads\/2024\/06\/Lydia_Scarfo\u0300-300x300.jpeg 300w, https:\/\/pedro.ericll.org\/wp-content\/uploads\/2024\/06\/Lydia_Scarfo\u0300-150x150.jpeg 150w\" sizes=\"(max-width: 576px) 100vw, 576px\" \/>\t\t\t\t\t\t\t\t\t\t\t\t\t\t\t<\/div>\n\t\t\t\t<\/div>\n\t\t\t\t<\/div>\n\t\t<div class=\"elementor-element elementor-element-a8b6244 e-con-full e-flex e-con e-child\" data-id=\"a8b6244\" data-element_type=\"container\" data-e-type=\"container\">\n\t\t\t\t<div class=\"elementor-element elementor-element-94acbf6 elementor-widget__width-initial elementor-widget-tablet__width-initial elementor-widget elementor-widget-image\" data-id=\"94acbf6\" data-element_type=\"widget\" data-e-type=\"widget\" data-widget_type=\"image.default\">\n\t\t\t\t<div class=\"elementor-widget-container\">\n\t\t\t\t\t\t\t\t\t\t\t\t\t\t\t<img loading=\"lazy\" decoding=\"async\" width=\"600\" height=\"600\" src=\"https:\/\/pedro.ericll.org\/wp-content\/uploads\/2024\/12\/pantelis-1.webp\" class=\"attachment-full size-full wp-image-3042\" alt=\"\" srcset=\"https:\/\/pedro.ericll.org\/wp-content\/uploads\/2024\/12\/pantelis-1.webp 600w, https:\/\/pedro.ericll.org\/wp-content\/uploads\/2024\/12\/pantelis-1-300x300.webp 300w, https:\/\/pedro.ericll.org\/wp-content\/uploads\/2024\/12\/pantelis-1-150x150.webp 150w, https:\/\/pedro.ericll.org\/wp-content\/uploads\/2024\/12\/pantelis-1-12x12.webp 12w\" sizes=\"(max-width: 600px) 100vw, 600px\" \/>\t\t\t\t\t\t\t\t\t\t\t\t\t\t\t<\/div>\n\t\t\t\t<\/div>\n\t\t<div class=\"elementor-element elementor-element-f669419 e-con-full e-flex e-con e-child\" data-id=\"f669419\" data-element_type=\"container\" data-e-type=\"container\">\n\t\t\t\t<div class=\"elementor-element elementor-element-7a34783 elementor-widget elementor-widget-heading\" data-id=\"7a34783\" data-element_type=\"widget\" data-e-type=\"widget\" data-widget_type=\"heading.default\">\n\t\t\t\t<div class=\"elementor-widget-container\">\n\t\t\t\t\t<h2 class=\"elementor-heading-title elementor-size-default\">Dr. Pantelis Natsiavas<\/h2>\t\t\t\t<\/div>\n\t\t\t\t<\/div>\n\t\t\t\t<div class=\"elementor-element elementor-element-e41826d elementor-widget elementor-widget-heading\" data-id=\"e41826d\" data-element_type=\"widget\" data-e-type=\"widget\" data-widget_type=\"heading.default\">\n\t\t\t\t<div class=\"elementor-widget-container\">\n\t\t\t\t\t<h4 class=\"elementor-heading-title elementor-size-default\">Head of IT<\/h4>\t\t\t\t<\/div>\n\t\t\t\t<\/div>\n\t\t\t\t<div class=\"elementor-element elementor-element-b2cb485 elementor-widget-divider--view-line elementor-widget elementor-widget-divider\" data-id=\"b2cb485\" data-element_type=\"widget\" data-e-type=\"widget\" data-widget_type=\"divider.default\">\n\t\t\t\t<div class=\"elementor-widget-container\">\n\t\t\t\t\t\t\t<div class=\"elementor-divider\">\n\t\t\t<span class=\"elementor-divider-separator\">\n\t\t\t\t\t\t<\/span>\n\t\t<\/div>\n\t\t\t\t\t\t<\/div>\n\t\t\t\t<\/div>\n\t\t\t\t<div class=\"elementor-element elementor-element-d6e99f0 elementor-widget elementor-widget-text-editor\" data-id=\"d6e99f0\" data-element_type=\"widget\" data-e-type=\"widget\" data-widget_type=\"text-editor.default\">\n\t\t\t\t<div class=\"elementor-widget-container\">\n\t\t\t\t\t\t\t\t\t<p>Dr. Pantelis Natsiavas is an Engineer \/ Researcher (Grade C) at the Institute of Applied Biosciences of Centre for Research and Technology Hellas (INAB|CERTH), heading the eHealth Lab in Thessaloniki, Greece. He holds a PhD from Sorbonne University (Paris, France) and two MSc degrees and a Diploma of Electrical and Computer Engineering from the Aristotle University of Thessaloniki (AUTh). He has received a scholarship from the French Government and has been a visitor researcher for the LIMICS lab (Paris, France), while he has also worked as a Software Engineer with companies both located in Greece and abroad, providing services regarding software development and consulting for more than 10 years. Since 2013, he has been part of many European and national R&amp;D projects on Medical Informatics, related with telemonitoring, health data security, drug safety and pharmacovigilance, focusing on the use of Knowledge Engineering approaches (e.g. the creation and use of ontological models and knowledge graphs). Currently, he is the Technical Coordinator of MyPal project (Horizon 2020 framework) and the \u201cHellenic registry of patients with chronic respiratory conditions and home mechanical ventilation support\u201d, maintaining clinical data from 11 disparities across Greece. Finally, he is the Principal Investigator for the project PVClinical and the main contact for the EHDEN network\u2019s National Node for Greece, on behalf of INAB|CERTH.<\/p>\t\t\t\t\t\t\t\t<\/div>\n\t\t\t\t<\/div>\n\t\t\t\t<\/div>\n\t\t\t\t<\/div>\n\t\t<div class=\"elementor-element elementor-element-89d0c55 e-con-full e-flex e-con e-child\" data-id=\"89d0c55\" data-element_type=\"container\" data-e-type=\"container\">\n\t\t<div class=\"elementor-element elementor-element-b214158 e-con-full e-flex e-con e-child\" data-id=\"b214158\" data-element_type=\"container\" data-e-type=\"container\">\n\t\t\t\t<div class=\"elementor-element elementor-element-294ce42 elementor-widget elementor-widget-heading\" data-id=\"294ce42\" data-element_type=\"widget\" data-e-type=\"widget\" data-widget_type=\"heading.default\">\n\t\t\t\t<div class=\"elementor-widget-container\">\n\t\t\t\t\t<h2 class=\"elementor-heading-title elementor-size-default\">Christos Timamopoulos<\/h2>\t\t\t\t<\/div>\n\t\t\t\t<\/div>\n\t\t\t\t<div class=\"elementor-element elementor-element-b008025 elementor-widget elementor-widget-heading\" data-id=\"b008025\" data-element_type=\"widget\" data-e-type=\"widget\" data-widget_type=\"heading.default\">\n\t\t\t\t<div class=\"elementor-widget-container\">\n\t\t\t\t\t<h4 class=\"elementor-heading-title elementor-size-default\">IT Support, Developer<\/h4>\t\t\t\t<\/div>\n\t\t\t\t<\/div>\n\t\t\t\t<div class=\"elementor-element elementor-element-c86b82a elementor-widget-divider--view-line elementor-widget elementor-widget-divider\" data-id=\"c86b82a\" data-element_type=\"widget\" data-e-type=\"widget\" data-widget_type=\"divider.default\">\n\t\t\t\t<div class=\"elementor-widget-container\">\n\t\t\t\t\t\t\t<div class=\"elementor-divider\">\n\t\t\t<span class=\"elementor-divider-separator\">\n\t\t\t\t\t\t<\/span>\n\t\t<\/div>\n\t\t\t\t\t\t<\/div>\n\t\t\t\t<\/div>\n\t\t\t\t<div class=\"elementor-element elementor-element-ce5ea76 elementor-widget elementor-widget-text-editor\" data-id=\"ce5ea76\" data-element_type=\"widget\" data-e-type=\"widget\" data-widget_type=\"text-editor.default\">\n\t\t\t\t<div class=\"elementor-widget-container\">\n\t\t\t\t\t\t\t\t\t<p>Christos is a Research Associate, Programmer, and Data Analyst at the Institute of Applied Biosciences, Center for Research and Technology Hellas (INAB|CERTH). He holds a bachelor\u2019s degree in Applied Informatics from the University of Macedonia, where he graduated in the top 10% of his class, and a Master\u2019s degree in Data Science from the International Hellenic University. His master\u2019s thesis on anomaly detection in real-world data showcases his ability to tackle complex data challenges.<\/p><p>At INAB|CERTH, Christos works on developing applications for healthcare companies and research projects, with a focus on data analysis and software development to support biomedical research and improve healthcare outcomes.<\/p>\t\t\t\t\t\t\t\t<\/div>\n\t\t\t\t<\/div>\n\t\t\t\t<\/div>\n\t\t\t\t<div class=\"elementor-element elementor-element-0509b80 elementor-widget__width-initial elementor-widget-tablet__width-initial elementor-widget elementor-widget-image\" data-id=\"0509b80\" data-element_type=\"widget\" data-e-type=\"widget\" data-widget_type=\"image.default\">\n\t\t\t\t<div class=\"elementor-widget-container\">\n\t\t\t\t\t\t\t\t\t\t\t\t\t\t\t<img loading=\"lazy\" decoding=\"async\" width=\"800\" height=\"800\" src=\"https:\/\/pedro.ericll.org\/wp-content\/uploads\/2024\/12\/chris-1.webp\" class=\"attachment-full size-full wp-image-3044\" alt=\"\" srcset=\"https:\/\/pedro.ericll.org\/wp-content\/uploads\/2024\/12\/chris-1.webp 800w, https:\/\/pedro.ericll.org\/wp-content\/uploads\/2024\/12\/chris-1-300x300.webp 300w, https:\/\/pedro.ericll.org\/wp-content\/uploads\/2024\/12\/chris-1-150x150.webp 150w, https:\/\/pedro.ericll.org\/wp-content\/uploads\/2024\/12\/chris-1-768x768.webp 768w, https:\/\/pedro.ericll.org\/wp-content\/uploads\/2024\/12\/chris-1-12x12.webp 12w\" sizes=\"(max-width: 800px) 100vw, 800px\" \/>\t\t\t\t\t\t\t\t\t\t\t\t\t\t\t<\/div>\n\t\t\t\t<\/div>\n\t\t\t\t<\/div>\n\t\t\t\t<\/div>\n\t\t\t\t<\/div>\n\t\t\t\t<\/div>","protected":false},"excerpt":{"rendered":"<p>Our team Prof. Paolo Ghia Board Member Paolo Ghia received his MD from the University of Torino, followed by a residency in Internal Medicine. He received his PhD working at the Basel Institute for Immunology, Basel, Switzerland, studying the development of normal human B lymphocytes. He moved to the Dana-Farber Cancer Institute, Harvard Medical School, [&hellip;]<\/p>\n","protected":false},"author":1,"featured_media":0,"parent":0,"menu_order":0,"comment_status":"closed","ping_status":"closed","template":"","meta":{"footnotes":""},"class_list":["post-20","page","type-page","status-publish","hentry"],"_links":{"self":[{"href":"https:\/\/pedro.ericll.org\/pl\/wp-json\/wp\/v2\/pages\/20","targetHints":{"allow":["GET"]}}],"collection":[{"href":"https:\/\/pedro.ericll.org\/pl\/wp-json\/wp\/v2\/pages"}],"about":[{"href":"https:\/\/pedro.ericll.org\/pl\/wp-json\/wp\/v2\/types\/page"}],"author":[{"embeddable":true,"href":"https:\/\/pedro.ericll.org\/pl\/wp-json\/wp\/v2\/users\/1"}],"replies":[{"embeddable":true,"href":"https:\/\/pedro.ericll.org\/pl\/wp-json\/wp\/v2\/comments?post=20"}],"version-history":[{"count":106,"href":"https:\/\/pedro.ericll.org\/pl\/wp-json\/wp\/v2\/pages\/20\/revisions"}],"predecessor-version":[{"id":3068,"href":"https:\/\/pedro.ericll.org\/pl\/wp-json\/wp\/v2\/pages\/20\/revisions\/3068"}],"wp:attachment":[{"href":"https:\/\/pedro.ericll.org\/pl\/wp-json\/wp\/v2\/media?parent=20"}],"curies":[{"name":"wp","href":"https:\/\/api.w.org\/{rel}","templated":true}]}}